{"version":"1.0","provider_name":"Aureum Advocacia","provider_url":"https:\/\/aureum.adv.br\/inicio","author_name":"bruna","author_url":"https:\/\/aureum.adv.br\/inicio\/author\/bruna\/","title":"STJ suspende A\u00e7\u00e3o Rescis\u00f3rias sobre modula\u00e7\u00e3o da 'tese do s\u00e9culo' para unificar posi\u00e7\u00e3o - Aureum Advocacia","type":"rich","width":600,"height":338,"html":"<blockquote class=\"wp-embedded-content\" data-secret=\"smGtJuaaT4\"><a href=\"https:\/\/aureum.adv.br\/inicio\/2024\/03\/26\/elementor-5920\/\">STJ suspende A\u00e7\u00e3o Rescis\u00f3rias sobre modula\u00e7\u00e3o da &#8216;tese do s\u00e9culo&#8217; para unificar posi\u00e7\u00e3o<\/a><\/blockquote><iframe sandbox=\"allow-scripts\" security=\"restricted\" src=\"https:\/\/aureum.adv.br\/inicio\/2024\/03\/26\/elementor-5920\/embed\/#?secret=smGtJuaaT4\" width=\"600\" height=\"338\" title=\"&#8220;STJ suspende A\u00e7\u00e3o Rescis\u00f3rias sobre modula\u00e7\u00e3o da &#8216;tese do s\u00e9culo&#8217; para unificar posi\u00e7\u00e3o&#8221; &#8212; Aureum Advocacia\" data-secret=\"smGtJuaaT4\" frameborder=\"0\" marginwidth=\"0\" marginheight=\"0\" scrolling=\"no\" class=\"wp-embedded-content\"><\/iframe><script type=\"text\/javascript\">\n\/* <![CDATA[ *\/\n\/*! This file is auto-generated *\/\n!function(d,l){\"use strict\";l.querySelector&&d.addEventListener&&\"undefined\"!=typeof URL&&(d.wp=d.wp||{},d.wp.receiveEmbedMessage||(d.wp.receiveEmbedMessage=function(e){var t=e.data;if((t||t.secret||t.message||t.value)&&!\/[^a-zA-Z0-9]\/.test(t.secret)){for(var s,r,n,a=l.querySelectorAll('iframe[data-secret=\"'+t.secret+'\"]'),o=l.querySelectorAll('blockquote[data-secret=\"'+t.secret+'\"]'),c=new RegExp(\"^https?:$\",\"i\"),i=0;i<o.length;i++)o[i].style.display=\"none\";for(i=0;i<a.length;i++)s=a[i],e.source===s.contentWindow&&(s.removeAttribute(\"style\"),\"height\"===t.message?(1e3<(r=parseInt(t.value,10))?r=1e3:~~r<200&&(r=200),s.height=r):\"link\"===t.message&&(r=new URL(s.getAttribute(\"src\")),n=new URL(t.value),c.test(n.protocol))&&n.host===r.host&&l.activeElement===s&&(d.top.location.href=t.value))}},d.addEventListener(\"message\",d.wp.receiveEmbedMessage,!1),l.addEventListener(\"DOMContentLoaded\",function(){for(var e,t,s=l.querySelectorAll(\"iframe.wp-embedded-content\"),r=0;r<s.length;r++)(t=(e=s[r]).getAttribute(\"data-secret\"))||(t=Math.random().toString(36).substring(2,12),e.src+=\"#?secret=\"+t,e.setAttribute(\"data-secret\",t)),e.contentWindow.postMessage({message:\"ready\",secret:t},\"*\")},!1)))}(window,document);\n\/\/# sourceURL=https:\/\/aureum.adv.br\/inicio\/wp-includes\/js\/wp-embed.min.js\n\/* ]]> *\/\n<\/script>\n","thumbnail_url":"https:\/\/aureum.adv.br\/inicio\/wp-content\/uploads\/2024\/03\/POSTS-e-NEWS-35-1.jpg","thumbnail_width":1080,"thumbnail_height":1080,"description":"A 1\u00aa Se\u00e7\u00e3o do Superior Tribunal de Justi\u00e7a afetou ao rito dos recursos repetitivos dois Recursos Especiais para decidir se \u00e9 poss\u00edvel usar a A\u00e7\u00e3o Rescis\u00f3ria para adequar decis\u00f5es definitivas \u00e0 modula\u00e7\u00e3o feita pelo Supremo Tribunal Federal no caso da \u201ctese do s\u00e9culo\u201d. Com a afeta\u00e7\u00e3o, o colegiado decidiu, por maioria de votos, suspender a tramita\u00e7\u00e3o de todos os processos envolvendo a mat\u00e9ria, em primeira e segunda inst\u00e2ncias, e inclusive no pr\u00f3prio STJ. A relatoria \u00e9 do Ministro Mauro Campbell. BREVE HIST\u00d3RICO DA DISCUSS\u00c3O Em 2017, o Supremo decidiu que ICMS n\u00e3o deve compor o c\u00e1lculo de PIS e Cofins. Essa \u00e9 a \u201ctese do s\u00e9culo\u201d, assim chamada gra\u00e7as ao seu enorme impacto financeiro \u2014 at\u00e9 esse momento,&hellip;"}