{"version":"1.0","provider_name":"Aureum Advocacia","provider_url":"https:\/\/aureum.adv.br\/inicio","author_name":"bruna","author_url":"https:\/\/aureum.adv.br\/inicio\/author\/bruna\/","title":"Receita Federal reabre Programa Lit\u00edgio Zero com ampla transa\u00e7\u00e3o por ades\u00e3o para d\u00e9bitos em contencioso administrativo - Aureum Advocacia","type":"rich","width":600,"height":338,"html":"<blockquote class=\"wp-embedded-content\" data-secret=\"pkCL2H5zmY\"><a href=\"https:\/\/aureum.adv.br\/inicio\/2024\/03\/22\/elementor-5893\/\">Receita Federal reabre Programa Lit\u00edgio Zero com ampla transa\u00e7\u00e3o por ades\u00e3o para d\u00e9bitos em contencioso administrativo<\/a><\/blockquote><iframe sandbox=\"allow-scripts\" security=\"restricted\" src=\"https:\/\/aureum.adv.br\/inicio\/2024\/03\/22\/elementor-5893\/embed\/#?secret=pkCL2H5zmY\" width=\"600\" height=\"338\" title=\"&#8220;Receita Federal reabre Programa Lit\u00edgio Zero com ampla transa\u00e7\u00e3o por ades\u00e3o para d\u00e9bitos em contencioso administrativo&#8221; &#8212; Aureum Advocacia\" data-secret=\"pkCL2H5zmY\" frameborder=\"0\" marginwidth=\"0\" marginheight=\"0\" scrolling=\"no\" class=\"wp-embedded-content\"><\/iframe><script type=\"text\/javascript\">\n\/* <![CDATA[ *\/\n\/*! This file is auto-generated *\/\n!function(d,l){\"use strict\";l.querySelector&&d.addEventListener&&\"undefined\"!=typeof URL&&(d.wp=d.wp||{},d.wp.receiveEmbedMessage||(d.wp.receiveEmbedMessage=function(e){var t=e.data;if((t||t.secret||t.message||t.value)&&!\/[^a-zA-Z0-9]\/.test(t.secret)){for(var s,r,n,a=l.querySelectorAll('iframe[data-secret=\"'+t.secret+'\"]'),o=l.querySelectorAll('blockquote[data-secret=\"'+t.secret+'\"]'),c=new RegExp(\"^https?:$\",\"i\"),i=0;i<o.length;i++)o[i].style.display=\"none\";for(i=0;i<a.length;i++)s=a[i],e.source===s.contentWindow&&(s.removeAttribute(\"style\"),\"height\"===t.message?(1e3<(r=parseInt(t.value,10))?r=1e3:~~r<200&&(r=200),s.height=r):\"link\"===t.message&&(r=new URL(s.getAttribute(\"src\")),n=new URL(t.value),c.test(n.protocol))&&n.host===r.host&&l.activeElement===s&&(d.top.location.href=t.value))}},d.addEventListener(\"message\",d.wp.receiveEmbedMessage,!1),l.addEventListener(\"DOMContentLoaded\",function(){for(var e,t,s=l.querySelectorAll(\"iframe.wp-embedded-content\"),r=0;r<s.length;r++)(t=(e=s[r]).getAttribute(\"data-secret\"))||(t=Math.random().toString(36).substring(2,12),e.src+=\"#?secret=\"+t,e.setAttribute(\"data-secret\",t)),e.contentWindow.postMessage({message:\"ready\",secret:t},\"*\")},!1)))}(window,document);\n\/\/# sourceURL=https:\/\/aureum.adv.br\/inicio\/wp-includes\/js\/wp-embed.min.js\n\/* ]]> *\/\n<\/script>\n","thumbnail_url":"https:\/\/aureum.adv.br\/inicio\/wp-content\/uploads\/2024\/03\/POSTS-e-NEWS-34.jpg","thumbnail_width":1080,"thumbnail_height":1080,"description":"A Receita Federal do Brasil publicou nesta ter\u00e7a-feira (19\/03), o Edital de Transa\u00e7\u00e3o por Ades\u00e3o n\u00ba 1, de 18 de mar\u00e7o de 2024, instituindo o Programa Lit\u00edgio Zero 2024, por meio do qual pessoas f\u00edsicas e jur\u00eddicas com d\u00e9bitos em discuss\u00e3o no contencioso administrativo no valor de at\u00e9 R$ 50 milh\u00f5es poder\u00e3o quit\u00e1-los com at\u00e9 100% de redu\u00e7\u00e3o dos juros, multas e encargos e com utiliza\u00e7\u00e3o de cr\u00e9ditos de preju\u00edzos fiscais e bases negativas da CSLL, e em prazos de at\u00e9 120 meses. O per\u00edodo de ades\u00e3o ser\u00e1 de 1\u00ba de abril a 31 de julho de 2024. N\u00e3o perca tempo! Entre em contato com um de nossos especialistas e fa\u00e7a j\u00e1 uma consulta."}