{"version":"1.0","provider_name":"Aureum Advocacia","provider_url":"https:\/\/aureum.adv.br\/inicio","author_name":"bruna","author_url":"https:\/\/aureum.adv.br\/inicio\/author\/bruna\/","title":"Dano Moral previdenci\u00e1rio \u00e9 poss\u00edvel? Descubra neste post! - Aureum Advocacia","type":"rich","width":600,"height":338,"html":"<blockquote class=\"wp-embedded-content\" data-secret=\"63LlhxesUt\"><a href=\"https:\/\/aureum.adv.br\/inicio\/2024\/03\/13\/elementor-5834\/\">Dano Moral previdenci\u00e1rio \u00e9 poss\u00edvel? Descubra neste post!<\/a><\/blockquote><iframe sandbox=\"allow-scripts\" security=\"restricted\" src=\"https:\/\/aureum.adv.br\/inicio\/2024\/03\/13\/elementor-5834\/embed\/#?secret=63LlhxesUt\" width=\"600\" height=\"338\" title=\"&#8220;Dano Moral previdenci\u00e1rio \u00e9 poss\u00edvel? Descubra neste post!&#8221; &#8212; Aureum Advocacia\" data-secret=\"63LlhxesUt\" frameborder=\"0\" marginwidth=\"0\" marginheight=\"0\" scrolling=\"no\" class=\"wp-embedded-content\"><\/iframe><script type=\"text\/javascript\">\n\/* <![CDATA[ *\/\n\/*! This file is auto-generated *\/\n!function(d,l){\"use strict\";l.querySelector&&d.addEventListener&&\"undefined\"!=typeof URL&&(d.wp=d.wp||{},d.wp.receiveEmbedMessage||(d.wp.receiveEmbedMessage=function(e){var t=e.data;if((t||t.secret||t.message||t.value)&&!\/[^a-zA-Z0-9]\/.test(t.secret)){for(var s,r,n,a=l.querySelectorAll('iframe[data-secret=\"'+t.secret+'\"]'),o=l.querySelectorAll('blockquote[data-secret=\"'+t.secret+'\"]'),c=new RegExp(\"^https?:$\",\"i\"),i=0;i<o.length;i++)o[i].style.display=\"none\";for(i=0;i<a.length;i++)s=a[i],e.source===s.contentWindow&&(s.removeAttribute(\"style\"),\"height\"===t.message?(1e3<(r=parseInt(t.value,10))?r=1e3:~~r<200&&(r=200),s.height=r):\"link\"===t.message&&(r=new URL(s.getAttribute(\"src\")),n=new URL(t.value),c.test(n.protocol))&&n.host===r.host&&l.activeElement===s&&(d.top.location.href=t.value))}},d.addEventListener(\"message\",d.wp.receiveEmbedMessage,!1),l.addEventListener(\"DOMContentLoaded\",function(){for(var e,t,s=l.querySelectorAll(\"iframe.wp-embedded-content\"),r=0;r<s.length;r++)(t=(e=s[r]).getAttribute(\"data-secret\"))||(t=Math.random().toString(36).substring(2,12),e.src+=\"#?secret=\"+t,e.setAttribute(\"data-secret\",t)),e.contentWindow.postMessage({message:\"ready\",secret:t},\"*\")},!1)))}(window,document);\n\/\/# sourceURL=https:\/\/aureum.adv.br\/inicio\/wp-includes\/js\/wp-embed.min.js\n\/* ]]> *\/\n<\/script>\n","thumbnail_url":"https:\/\/aureum.adv.br\/inicio\/wp-content\/uploads\/2024\/03\/Dano-Moral.png","thumbnail_width":583,"thumbnail_height":581,"description":"Antes de irmos ao tema espec\u00edfico deste post, \u00e9 importante trazermos uma defini\u00e7\u00e3o breve do que \u00e9 dano moral! Ele ocorre quando h\u00e1 algum tipo de les\u00e3o sofrida por uma pessoa, no \u00e2mbito ps\u00edquico e intelectual, por atingi-la em direitos da personalidade, originada de um ato il\u00edcito. Aqui, a ilicitude significa um ato que desrespeita previs\u00f5es legais ou constitucionais, seja no \u00e2mbito civil, criminal ou administrativo. O dano moral previdenci\u00e1rio \u00e9 uma tese jur\u00eddica. Ela defende ser dever do Estado indenizar indiv\u00edduos cujos direitos s\u00e3o lesados por condutas ou omiss\u00f5es estatais, no contexto previdenci\u00e1rio. Como exemplo, \u00e9 poss\u00edvel citar a demora irrazo\u00e1vel que muitos pedidos de aposentadoria ou benef\u00edcio por incapacidade tempor\u00e1ria levam para ser analisados ou pagos.&hellip;"}