{"version":"1.0","provider_name":"Aureum Advocacia","provider_url":"https:\/\/aureum.adv.br\/inicio","author_name":"bruna","author_url":"https:\/\/aureum.adv.br\/inicio\/author\/bruna\/","title":"Transtornos psiqui\u00e1tricos d\u00e3o direito a benef\u00edcio do INSS? - Aureum Advocacia","type":"rich","width":600,"height":338,"html":"<blockquote class=\"wp-embedded-content\" data-secret=\"5onaEpos0I\"><a href=\"https:\/\/aureum.adv.br\/inicio\/2024\/03\/05\/elementor-5775\/\">Transtornos psiqui\u00e1tricos d\u00e3o direito a benef\u00edcio do INSS?<\/a><\/blockquote><iframe sandbox=\"allow-scripts\" security=\"restricted\" src=\"https:\/\/aureum.adv.br\/inicio\/2024\/03\/05\/elementor-5775\/embed\/#?secret=5onaEpos0I\" width=\"600\" height=\"338\" title=\"&#8220;Transtornos psiqui\u00e1tricos d\u00e3o direito a benef\u00edcio do INSS?&#8221; &#8212; Aureum Advocacia\" data-secret=\"5onaEpos0I\" frameborder=\"0\" marginwidth=\"0\" marginheight=\"0\" scrolling=\"no\" class=\"wp-embedded-content\"><\/iframe><script type=\"text\/javascript\">\n\/* <![CDATA[ *\/\n\/*! This file is auto-generated *\/\n!function(d,l){\"use strict\";l.querySelector&&d.addEventListener&&\"undefined\"!=typeof URL&&(d.wp=d.wp||{},d.wp.receiveEmbedMessage||(d.wp.receiveEmbedMessage=function(e){var t=e.data;if((t||t.secret||t.message||t.value)&&!\/[^a-zA-Z0-9]\/.test(t.secret)){for(var s,r,n,a=l.querySelectorAll('iframe[data-secret=\"'+t.secret+'\"]'),o=l.querySelectorAll('blockquote[data-secret=\"'+t.secret+'\"]'),c=new RegExp(\"^https?:$\",\"i\"),i=0;i<o.length;i++)o[i].style.display=\"none\";for(i=0;i<a.length;i++)s=a[i],e.source===s.contentWindow&&(s.removeAttribute(\"style\"),\"height\"===t.message?(1e3<(r=parseInt(t.value,10))?r=1e3:~~r<200&&(r=200),s.height=r):\"link\"===t.message&&(r=new URL(s.getAttribute(\"src\")),n=new URL(t.value),c.test(n.protocol))&&n.host===r.host&&l.activeElement===s&&(d.top.location.href=t.value))}},d.addEventListener(\"message\",d.wp.receiveEmbedMessage,!1),l.addEventListener(\"DOMContentLoaded\",function(){for(var e,t,s=l.querySelectorAll(\"iframe.wp-embedded-content\"),r=0;r<s.length;r++)(t=(e=s[r]).getAttribute(\"data-secret\"))||(t=Math.random().toString(36).substring(2,12),e.src+=\"#?secret=\"+t,e.setAttribute(\"data-secret\",t)),e.contentWindow.postMessage({message:\"ready\",secret:t},\"*\")},!1)))}(window,document);\n\/\/# sourceURL=https:\/\/aureum.adv.br\/inicio\/wp-includes\/js\/wp-embed.min.js\n\/* ]]> *\/\n<\/script>\n","thumbnail_url":"https:\/\/aureum.adv.br\/inicio\/wp-content\/uploads\/2024\/03\/Transtornos.png","thumbnail_width":581,"thumbnail_height":587,"description":"O n\u00famero de pessoas que sofrem com transtornos psicol\u00f3gicos sobe assustadoramente e tornou-se mais evidente ap\u00f3s a pandemia da covid-19. Mas ser\u00e1 que eles d\u00e3o direito a benef\u00edcio previdenci\u00e1rio? Transtornos mentais ou doen\u00e7as psicol\u00f3gicas afetam a sa\u00fade da pessoa e tamb\u00e9m sua vida social, podendo limitar a capacidade de intera\u00e7\u00e3o social. Na esfera previdenci\u00e1ria, existem os benef\u00edcios n\u00e3o programados. Uma vez preenchidos os requisitos espec\u00edficos, eles s\u00e3o destinados aos segurados que se encontram incapacitados de exercer suas atividades habituais ou laborativas. S\u00e3o concedidos em raz\u00e3o da incapacidade e n\u00e3o da causa, que pode ser doen\u00e7a ou acidente. Contudo, a incapacidade precisa ser atestada pela per\u00edcia m\u00e9dica do INSS. Esse \u00e9 o momento em que devem ser apresentados os&hellip;"}