{"version":"1.0","provider_name":"Aureum Advocacia","provider_url":"https:\/\/aureum.adv.br\/inicio","author_name":"bruna","author_url":"https:\/\/aureum.adv.br\/inicio\/author\/bruna\/","title":"Trabalhou em 2 empregos ao mesmo tempo? Cabe revis\u00e3o de aposentadoria? - Aureum Advocacia","type":"rich","width":600,"height":338,"html":"<blockquote class=\"wp-embedded-content\" data-secret=\"5o6k3wDvre\"><a href=\"https:\/\/aureum.adv.br\/inicio\/2024\/03\/01\/elementor-5760\/\">Trabalhou em 2 empregos ao mesmo tempo? Cabe revis\u00e3o de aposentadoria?<\/a><\/blockquote><iframe sandbox=\"allow-scripts\" security=\"restricted\" src=\"https:\/\/aureum.adv.br\/inicio\/2024\/03\/01\/elementor-5760\/embed\/#?secret=5o6k3wDvre\" width=\"600\" height=\"338\" title=\"&#8220;Trabalhou em 2 empregos ao mesmo tempo? Cabe revis\u00e3o de aposentadoria?&#8221; &#8212; Aureum Advocacia\" data-secret=\"5o6k3wDvre\" frameborder=\"0\" marginwidth=\"0\" marginheight=\"0\" scrolling=\"no\" class=\"wp-embedded-content\"><\/iframe><script type=\"text\/javascript\">\n\/* <![CDATA[ *\/\n\/*! This file is auto-generated *\/\n!function(d,l){\"use strict\";l.querySelector&&d.addEventListener&&\"undefined\"!=typeof URL&&(d.wp=d.wp||{},d.wp.receiveEmbedMessage||(d.wp.receiveEmbedMessage=function(e){var t=e.data;if((t||t.secret||t.message||t.value)&&!\/[^a-zA-Z0-9]\/.test(t.secret)){for(var s,r,n,a=l.querySelectorAll('iframe[data-secret=\"'+t.secret+'\"]'),o=l.querySelectorAll('blockquote[data-secret=\"'+t.secret+'\"]'),c=new RegExp(\"^https?:$\",\"i\"),i=0;i<o.length;i++)o[i].style.display=\"none\";for(i=0;i<a.length;i++)s=a[i],e.source===s.contentWindow&&(s.removeAttribute(\"style\"),\"height\"===t.message?(1e3<(r=parseInt(t.value,10))?r=1e3:~~r<200&&(r=200),s.height=r):\"link\"===t.message&&(r=new URL(s.getAttribute(\"src\")),n=new URL(t.value),c.test(n.protocol))&&n.host===r.host&&l.activeElement===s&&(d.top.location.href=t.value))}},d.addEventListener(\"message\",d.wp.receiveEmbedMessage,!1),l.addEventListener(\"DOMContentLoaded\",function(){for(var e,t,s=l.querySelectorAll(\"iframe.wp-embedded-content\"),r=0;r<s.length;r++)(t=(e=s[r]).getAttribute(\"data-secret\"))||(t=Math.random().toString(36).substring(2,12),e.src+=\"#?secret=\"+t,e.setAttribute(\"data-secret\",t)),e.contentWindow.postMessage({message:\"ready\",secret:t},\"*\")},!1)))}(window,document);\n\/\/# sourceURL=https:\/\/aureum.adv.br\/inicio\/wp-includes\/js\/wp-embed.min.js\n\/* ]]> *\/\n<\/script>\n","thumbnail_url":"https:\/\/aureum.adv.br\/inicio\/wp-content\/uploads\/2024\/03\/2-empregos.png","thumbnail_width":585,"thumbnail_height":583,"description":"Por um longo tempo, o INSS equivocou-se nos c\u00e1lculos das atividades concomitantes, resultando em preju\u00edzo para muitos segurados. Especialmente no que diz respeito ao valor de seus benef\u00edcios de aposentadoria. Primeiramente, no contexto previdenci\u00e1rio, a atividade concomitante ocorre quando o segurado exerce mais de uma atividade remunerada ao mesmo tempo. Nesse caso, \u00e9 necess\u00e1rio ter contribu\u00eddo em ambas, respeitando o limite previdenci\u00e1rio. Ocorre que o INSS classificava as atividades concomitantes em prim\u00e1ria (atividade principal) e secund\u00e1ria(s), realizando o c\u00e1lculo da m\u00e9dia do sal\u00e1rio de contribui\u00e7\u00e3o de forma separada. Entretanto, exclusivamente na atividade principal, considerava a totalidade da contribui\u00e7\u00e3o. Nas demais, a autarquia usava um percentual que reduzia esse valor. Em 18\/06\/2019, entrou em vigor uma altera\u00e7\u00e3o legislativa de&hellip;"}