{"version":"1.0","provider_name":"Aureum Advocacia","provider_url":"https:\/\/aureum.adv.br\/inicio","author_name":"bruna","author_url":"https:\/\/aureum.adv.br\/inicio\/author\/bruna\/","title":"Per\u00edodo do Seguro Desemprego conta na aposentadoria? - Aureum Advocacia","type":"rich","width":600,"height":338,"html":"<blockquote class=\"wp-embedded-content\" data-secret=\"umo3WLStWS\"><a href=\"https:\/\/aureum.adv.br\/inicio\/2023\/11\/06\/elementor-5220\/\">Per\u00edodo do Seguro Desemprego conta na aposentadoria?<\/a><\/blockquote><iframe sandbox=\"allow-scripts\" security=\"restricted\" src=\"https:\/\/aureum.adv.br\/inicio\/2023\/11\/06\/elementor-5220\/embed\/#?secret=umo3WLStWS\" width=\"600\" height=\"338\" title=\"&#8220;Per\u00edodo do Seguro Desemprego conta na aposentadoria?&#8221; &#8212; Aureum Advocacia\" data-secret=\"umo3WLStWS\" frameborder=\"0\" marginwidth=\"0\" marginheight=\"0\" scrolling=\"no\" class=\"wp-embedded-content\"><\/iframe><script type=\"text\/javascript\">\n\/* <![CDATA[ *\/\n\/*! This file is auto-generated *\/\n!function(d,l){\"use strict\";l.querySelector&&d.addEventListener&&\"undefined\"!=typeof URL&&(d.wp=d.wp||{},d.wp.receiveEmbedMessage||(d.wp.receiveEmbedMessage=function(e){var t=e.data;if((t||t.secret||t.message||t.value)&&!\/[^a-zA-Z0-9]\/.test(t.secret)){for(var s,r,n,a=l.querySelectorAll('iframe[data-secret=\"'+t.secret+'\"]'),o=l.querySelectorAll('blockquote[data-secret=\"'+t.secret+'\"]'),c=new RegExp(\"^https?:$\",\"i\"),i=0;i<o.length;i++)o[i].style.display=\"none\";for(i=0;i<a.length;i++)s=a[i],e.source===s.contentWindow&&(s.removeAttribute(\"style\"),\"height\"===t.message?(1e3<(r=parseInt(t.value,10))?r=1e3:~~r<200&&(r=200),s.height=r):\"link\"===t.message&&(r=new URL(s.getAttribute(\"src\")),n=new URL(t.value),c.test(n.protocol))&&n.host===r.host&&l.activeElement===s&&(d.top.location.href=t.value))}},d.addEventListener(\"message\",d.wp.receiveEmbedMessage,!1),l.addEventListener(\"DOMContentLoaded\",function(){for(var e,t,s=l.querySelectorAll(\"iframe.wp-embedded-content\"),r=0;r<s.length;r++)(t=(e=s[r]).getAttribute(\"data-secret\"))||(t=Math.random().toString(36).substring(2,12),e.src+=\"#?secret=\"+t,e.setAttribute(\"data-secret\",t)),e.contentWindow.postMessage({message:\"ready\",secret:t},\"*\")},!1)))}(window,document);\n\/\/# sourceURL=https:\/\/aureum.adv.br\/inicio\/wp-includes\/js\/wp-embed.min.js\n\/* ]]> *\/\n<\/script>\n","thumbnail_url":"https:\/\/aureum.adv.br\/inicio\/wp-content\/uploads\/2023\/11\/Periodo.png","thumbnail_width":595,"thumbnail_height":590,"description":"Ser\u00e1 que o per\u00edodo de recebimento do Seguro-Desemprego conta para fins previdenci\u00e1rios? Vamos esclarecer isso! Durante o recebimento do aux\u00edlio, \u00e9 estabelecido o que chamamos de &#8220;Per\u00edodo de Gra\u00e7a&#8221; ou &#8220;Manuten\u00e7\u00e3o da Qualidade de Segurado&#8221;. Essa etapa assegura a qualidade de segurado ao trabalhador, mesmo quando ele n\u00e3o est\u00e1 contribuindo regularmente para a Previd\u00eancia Social. Mas o que isso quer dizer? Significa que, mesmo sem fazer contribui\u00e7\u00f5es, o trabalhador ainda mant\u00e9m o direito a todos os benef\u00edcios. No entanto, \u00e9 importante ressaltar que esse per\u00edodo n\u00e3o \u00e9 contabilizado como tempo de contribui\u00e7\u00e3o ou car\u00eancia. Para que ele seja reconhecido, \u00e9 necess\u00e1rio efetuar o pagamento das contribui\u00e7\u00f5es previdenci\u00e1rias. E \u00e9 a\u00ed que o Seguro-Desemprego entra em quest\u00e3o! Se n\u00e3o&hellip;"}